{"id":2540,"date":"2021-03-26T13:29:23","date_gmt":"2021-03-26T13:29:23","guid":{"rendered":"https:\/\/www.juanpabloaitkenmusic.com\/esp\/?page_id=2540"},"modified":"2025-01-27T00:53:43","modified_gmt":"2025-01-27T00:53:43","slug":"biografia","status":"publish","type":"page","link":"https:\/\/www.juanpabloaitkenmusic.com\/esp\/biografia\/","title":{"rendered":"Biograf\u00eda"},"content":{"rendered":"<p>[vc_row][vc_column width=\u00bb1\/2&#8243;][vc_column_text]<\/p>\n<h5><span lang=\"ES-TRAD\">Hay quienes dicen que las melod\u00edas no son creaciones de alguien espec\u00edfico, sino m\u00e1s bien, utilizan a mediadores que las captan del universo para entregarlas a los dem\u00e1s. Juano realiza este ejercicio desde hace varios a\u00f1os. Fue parte de varios proyectos musicales. Tr\u00e9bol, Indie-go, Internos, entre otros. Luego de realizar una primera producci\u00f3n de forma independiente junto a Keno Palomera, bajo la producci\u00f3n de Rodrigo Medina (\u201cUn segundo\u201d de 2005) y llamar la atenci\u00f3n de varios medios, incluyendo algunas radios como FM Tiempo y LUN, Rodrigo Miranda, el reconocido trompetista y director musical chileno, <\/span><span lang=\"ES-TRAD\">seducido por las melod\u00edas y letras de Juano, produce el segundo disco de la banda y gestiona su edici\u00f3n en M\u00e9xico por el Sello Orion. En Norteam\u00e9rica, Juano es apadrinado musicalmente por Mario Guti\u00e9rrez, l\u00edder de \u201cLos Angeles Negros\u201d quien lo presenta en varias ciudades como la revelaci\u00f3n de la m\u00fasica Chilena. Juano y los Internos, realizan con motivo de la edici\u00f3n de \u201cDame la libertad\u201d un periplo de conciertos en vivo y presentaciones en festivales, ense\u00f1ando las canciones que dan forma al disco. Participaron en diversos festivales en Chile y en varios programas de la televisi\u00f3n mexicana. La <\/span><span lang=\"ES-TRAD\">experiencia de Juano realizando su Doctorado en Odontolog\u00eda en la Ciudad brasilera de Pelotas marc\u00f3 su vida y su m\u00fasica para siempre. Su tercer disco, realizado con m\u00fasicos oriundos de esta ciudad ga\u00facha y registrado totalmente en portugu\u00e9s, fue un homenaje a la ciudad y al cari\u00f1o con que Juan fue recibido por los pelotenses. \u201cMerece\u201d hace referencia a la frase que se utiliza en la ciudad como repuesta al Gracias u Obrigado.<\/span><\/h5>\n<h5><span lang=\"ES-TRAD\">Este proyecto musical, en todas sus formas y colores,\u00a0 ha sido conformado tanto en el registro sonoro como en las presentaciones en vivo, adem\u00e1s de Juano Aitken en forma permanente, por Keno Palomera, Paulo Marin, Mauricio Meza, Luis Manriquez, Fabio Coppola, Felipe Catrilef, Ottoni de Le\u00f3n, C\u00e9sar Gularte, Juan N\u00fa\u00f1ez, To\u00f1o Mondaca, Gige Vidal, Valeria Bahamondes, <\/span>Magdalena de la Fuente, Diego Arredondo, Cone Aitken y Duda Paix\u00e3o. La producci\u00f3n musical ha estado a cargo de Rodrigo Miranda.<\/h5>\n<h5><strong>Nuevas Canciones de Juano y Los Internos<\/strong><\/h5>\n<h5>Tras el lanzamiento de su EP\u00a0<em>Merece<\/em>, escrito e interpretado \u00edntegramente en portugu\u00e9s,\u00a0<strong>Juano<\/strong>\u00a0ha seguido expandiendo su universo musical a trav\u00e9s de nuevas colaboraciones que han enriquecido su propuesta art\u00edstica. Su constante b\u00fasqueda creativa lo ha impulsado a explorar una amplia gama de g\u00e9neros, incorporando matices y texturas que reflejan su evoluci\u00f3n y madurez como m\u00fasico.<\/h5>\n<h5>Una prueba de esta transformaci\u00f3n es\u00a0<strong>Sanar<\/strong>, una canci\u00f3n de rock, producida por Juan N\u00fa\u00f1ez, destacado m\u00fasico chileno, lanzada en 2022 que se construye progresivamente, a\u00f1adiendo capas sonoras que envuelven al oyente en una experiencia introspectiva. La letra, cuidadosamente entrelazada con la melod\u00eda, aborda la sanaci\u00f3n emocional que se experimenta cuando se tiene a la persona indicada al lado.<\/h5>\n<h5>En\u00a0<strong>2024<\/strong>, Juano se aventura m\u00e1s all\u00e1 de sus ra\u00edces rockeras \u2014influenciadas por los sonidos ingl\u00e9s, argentino y chileno\u2014 sumergi\u00e9ndose en los vibrantes ritmos latinos. Su inquietud art\u00edstica lo ha llevado a explorar g\u00e9neros que siempre han resonado en su interior, dando vida a dos nuevas y emocionantes propuestas:<\/h5>\n<h5><strong>\u00abSi Me Lo Pides\u00bb<\/strong>, una cumbia llena de sentimiento y frescura.<\/h5>\n<h5><strong>\u00abAmor al Natural\u00bb<\/strong>, una bachata impregnada de romanticismo y autenticidad.<\/h5>\n<h5>Estas canciones fueron desarrolladas en colaboraci\u00f3n con el talentoso\u00a0<strong>Felipe Catrilef<\/strong>, un multiinstrumentista, compositor y ex bajista de la reconocida banda nacional\u00a0<em>Villa Cari\u00f1o<\/em>, quien aport\u00f3 su maestr\u00eda en la fusi\u00f3n de elementos caracter\u00edsticos de estos g\u00e9neros. La colaboraci\u00f3n surgi\u00f3 de una conversaci\u00f3n inspiradora entre amigos, donde surgi\u00f3 el desaf\u00edo de reimaginar antiguas composiciones bajo una nueva perspectiva, alej\u00e1ndose de las influencias m\u00e1s evidentes de Juano y explorando nuevos caminos sonoros.<\/h5>\n<h5>El proceso creativo tambi\u00e9n cont\u00f3 con la participaci\u00f3n del vers\u00e1til m\u00fasico\u00a0<strong>Erwin Quintupurrai<\/strong>, quien aport\u00f3 su destreza instrumental, agregando capas de profundidad y color a cada pieza. Todo este trabajo fue cuidadosamente perfeccionado bajo la producci\u00f3n de\u00a0<strong>Sonido Patag\u00f3n<\/strong>, resultando en dos canciones vibrantes que reflejan la evoluci\u00f3n y la incansable curiosidad creativa de\u00a0<strong>Juano y Los Internos<\/strong>.<\/h5>\n<h5>El\u00a0<strong>2024 y el iniciante 2025<\/strong>\u00a0marcan un punto de inflexi\u00f3n en la trayectoria de la banda, reafirmando que la pasi\u00f3n por la m\u00fasica sigue siendo el motor que impulsa su crecimiento y su constante exploraci\u00f3n art\u00edstica.<\/h5>\n<p>[\/vc_column_text][\/vc_column][vc_column width=\u00bb1\/2&#8243;][vc_empty_space height=\u00bb42px\u00bb][vc_single_image image=\u00bb2533&#8243; img_size=\u00bblarge\u00bb][vc_single_image image=\u00bb2587&#8243; img_size=\u00bblarge\u00bb][\/vc_column][\/vc_row]<\/p>\n","protected":false},"excerpt":{"rendered":"<p>[vc_row][vc_column width=\u00bb1\/2&#8243;][vc_column_text] Hay quienes dicen que las melod\u00edas no son creaciones de alguien espec\u00edfico, sino m\u00e1s bien, utilizan a mediadores que las captan del universo para entregarlas a los dem\u00e1s. Juano realiza este ejercicio desde hace varios a\u00f1os. Fue parte&#8230;<\/p>\n","protected":false},"author":1,"featured_media":0,"parent":0,"menu_order":0,"comment_status":"closed","ping_status":"closed","template":"","meta":{"footnotes":""},"class_list":["post-2540","page","type-page","status-publish","hentry"],"_links":{"self":[{"href":"https:\/\/www.juanpabloaitkenmusic.com\/esp\/wp-json\/wp\/v2\/pages\/2540","targetHints":{"allow":["GET"]}}],"collection":[{"href":"https:\/\/www.juanpabloaitkenmusic.com\/esp\/wp-json\/wp\/v2\/pages"}],"about":[{"href":"https:\/\/www.juanpabloaitkenmusic.com\/esp\/wp-json\/wp\/v2\/types\/page"}],"author":[{"embeddable":true,"href":"https:\/\/www.juanpabloaitkenmusic.com\/esp\/wp-json\/wp\/v2\/users\/1"}],"replies":[{"embeddable":true,"href":"https:\/\/www.juanpabloaitkenmusic.com\/esp\/wp-json\/wp\/v2\/comments?post=2540"}],"version-history":[{"count":16,"href":"https:\/\/www.juanpabloaitkenmusic.com\/esp\/wp-json\/wp\/v2\/pages\/2540\/revisions"}],"predecessor-version":[{"id":2700,"href":"https:\/\/www.juanpabloaitkenmusic.com\/esp\/wp-json\/wp\/v2\/pages\/2540\/revisions\/2700"}],"wp:attachment":[{"href":"https:\/\/www.juanpabloaitkenmusic.com\/esp\/wp-json\/wp\/v2\/media?parent=2540"}],"curies":[{"name":"wp","href":"https:\/\/api.w.org\/{rel}","templated":true}]}}